{"id":8490,"date":"2025-07-03T13:47:05","date_gmt":"2025-07-03T11:47:05","guid":{"rendered":"https:\/\/gplast.dev.provectus.se\/faq-items\/kan-i-tilbyde-containeraflaesning-og-omlaesning-af-varer\/"},"modified":"2025-07-03T13:47:05","modified_gmt":"2025-07-03T11:47:05","slug":"kan-i-tilbyde-containeraflaesning-og-omlaesning-af-varer","status":"publish","type":"avada_faq","link":"https:\/\/gplast.se\/da\/faq-items\/kan-i-tilbyde-containeraflaesning-og-omlaesning-af-varer\/","title":{"rendered":"Kan I tilbyde containerafl\u00e6sning og oml\u00e6sning af varer?"},"content":{"rendered":"<p>Ja, absolut! Vi kan modtage varerne p\u00e5 vores terminal og omfordele dem p\u00e5 paller til videre h\u00e5ndtering. Spedit\u00f8rer og vognm\u00e6nd, der har brug for oml\u00e6sning af deres lastbiler, kan g\u00f8re det p\u00e5 vores terminal. For at optimere og effektivisere leveringsruten hj\u00e6lper vi gerne med at oml\u00e6sning af godset.   <\/p>\n<p>&nbsp;<\/p>\n","protected":false},"excerpt":{"rendered":"<p>Ja, absolut! Vi kan modtage varerne p\u00e5 vores terminal og omfordele dem p\u00e5 paller til videre h\u00e5ndtering. Spedit\u00f8rer og vognm\u00e6nd, der har brug for oml\u00e6sning af deres lastbiler, kan g\u00f8re det p\u00e5 vores terminal. For at optimere og effektivisere leveringsruten hj\u00e6lper vi gerne med at oml\u00e6sning af godset. &nbsp;<\/p>\n","protected":false},"author":2,"featured_media":0,"menu_order":3,"comment_status":"open","ping_status":"closed","template":"","format":"standard","meta":{"_acf_changed":false,"footnotes":""},"faq_category":[85],"class_list":["post-8490","avada_faq","type-avada_faq","status-publish","format-standard","hentry","faq_category-lagerda-da"],"acf":[],"yoast_head":"<!-- This site is optimized with the Yoast SEO plugin v26.7 - https:\/\/yoast.com\/wordpress\/plugins\/seo\/ -->\n<title>Kan I tilbyde containerafl\u00e6sning og oml\u00e6sning af varer? - GPLast<\/title>\n<meta name=\"robots\" content=\"noindex, follow\" \/>\n<meta property=\"og:locale\" content=\"da_DK\" \/>\n<meta property=\"og:type\" content=\"article\" \/>\n<meta property=\"og:title\" content=\"Kan I tilbyde containerafl\u00e6sning og oml\u00e6sning af varer? - GPLast\" \/>\n<meta property=\"og:description\" content=\"Ja, absolut! Vi kan modtage varerne p\u00e5 vores terminal og omfordele dem p\u00e5 paller til videre h\u00e5ndtering. Spedit\u00f8rer og vognm\u00e6nd, der har brug for oml\u00e6sning af deres lastbiler, kan g\u00f8re det p\u00e5 vores terminal. For at optimere og effektivisere leveringsruten hj\u00e6lper vi gerne med at oml\u00e6sning af godset. &nbsp;\" \/>\n<meta property=\"og:url\" content=\"https:\/\/gplast.se\/da\/faq-items\/kan-i-tilbyde-containeraflaesning-og-omlaesning-af-varer\/\" \/>\n<meta property=\"og:site_name\" content=\"GPLast\" \/>\n<meta name=\"twitter:card\" content=\"summary_large_image\" \/>\n<!-- \/ Yoast SEO plugin. -->","yoast_head_json":{"title":"Kan I tilbyde containerafl\u00e6sning og oml\u00e6sning af varer? - GPLast","robots":{"index":"noindex","follow":"follow"},"og_locale":"da_DK","og_type":"article","og_title":"Kan I tilbyde containerafl\u00e6sning og oml\u00e6sning af varer? - GPLast","og_description":"Ja, absolut! Vi kan modtage varerne p\u00e5 vores terminal og omfordele dem p\u00e5 paller til videre h\u00e5ndtering. Spedit\u00f8rer og vognm\u00e6nd, der har brug for oml\u00e6sning af deres lastbiler, kan g\u00f8re det p\u00e5 vores terminal. For at optimere og effektivisere leveringsruten hj\u00e6lper vi gerne med at oml\u00e6sning af godset. &nbsp;","og_url":"https:\/\/gplast.se\/da\/faq-items\/kan-i-tilbyde-containeraflaesning-og-omlaesning-af-varer\/","og_site_name":"GPLast","twitter_card":"summary_large_image","schema":{"@context":"https:\/\/schema.org","@graph":[{"@type":["WebPage","QAPage"],"@id":"https:\/\/gplast.se\/da\/faq-items\/kan-i-tilbyde-containeraflaesning-og-omlaesning-af-varer\/","url":"https:\/\/gplast.se\/da\/faq-items\/kan-i-tilbyde-containeraflaesning-og-omlaesning-af-varer\/","name":"Kan I tilbyde containerafl\u00e6sning og oml\u00e6sning af varer? - GPLast","isPartOf":{"@id":"https:\/\/gplast.se\/da\/#website"},"datePublished":"2025-07-03T11:47:05+00:00","breadcrumb":{"@id":"https:\/\/gplast.se\/da\/faq-items\/kan-i-tilbyde-containeraflaesning-og-omlaesning-af-varer\/#breadcrumb"},"inLanguage":"da-DK","potentialAction":[{"@type":"ReadAction","target":["https:\/\/gplast.se\/da\/faq-items\/kan-i-tilbyde-containeraflaesning-og-omlaesning-af-varer\/"]}]},{"@type":"BreadcrumbList","@id":"https:\/\/gplast.se\/da\/faq-items\/kan-i-tilbyde-containeraflaesning-og-omlaesning-af-varer\/#breadcrumb","itemListElement":[{"@type":"ListItem","position":1,"name":"Hem","item":"https:\/\/gplast.se\/da\/"},{"@type":"ListItem","position":2,"name":"FAQs","item":"https:\/\/gplast.se\/da\/faq-items\/"},{"@type":"ListItem","position":3,"name":"Kan I tilbyde containerafl\u00e6sning og oml\u00e6sning af varer?"}]},{"@type":"WebSite","@id":"https:\/\/gplast.se\/da\/#website","url":"https:\/\/gplast.se\/da\/","name":"GPLast","description":"Ditt logistikcenter i Sk\u00e5ne","potentialAction":[{"@type":"SearchAction","target":{"@type":"EntryPoint","urlTemplate":"https:\/\/gplast.se\/da\/?s={search_term_string}"},"query-input":{"@type":"PropertyValueSpecification","valueRequired":true,"valueName":"search_term_string"}}],"inLanguage":"da-DK"}]}},"_links":{"self":[{"href":"https:\/\/gplast.se\/da\/wp-json\/wp\/v2\/avada_faq\/8490","targetHints":{"allow":["GET"]}}],"collection":[{"href":"https:\/\/gplast.se\/da\/wp-json\/wp\/v2\/avada_faq"}],"about":[{"href":"https:\/\/gplast.se\/da\/wp-json\/wp\/v2\/types\/avada_faq"}],"author":[{"embeddable":true,"href":"https:\/\/gplast.se\/da\/wp-json\/wp\/v2\/users\/2"}],"replies":[{"embeddable":true,"href":"https:\/\/gplast.se\/da\/wp-json\/wp\/v2\/comments?post=8490"}],"version-history":[{"count":0,"href":"https:\/\/gplast.se\/da\/wp-json\/wp\/v2\/avada_faq\/8490\/revisions"}],"wp:attachment":[{"href":"https:\/\/gplast.se\/da\/wp-json\/wp\/v2\/media?parent=8490"}],"wp:term":[{"taxonomy":"faq_category","embeddable":true,"href":"https:\/\/gplast.se\/da\/wp-json\/wp\/v2\/faq_category?post=8490"}],"curies":[{"name":"wp","href":"https:\/\/api.w.org\/{rel}","templated":true}]}}